{"id":23,"date":"2017-11-29T10:08:32","date_gmt":"2017-11-29T10:08:32","guid":{"rendered":"http:\/\/machnet.com.pl\/?page_id=23"},"modified":"2026-02-07T12:52:44","modified_gmt":"2026-02-07T12:52:44","slug":"ogrodzenia-panelowe","status":"publish","type":"page","link":"http:\/\/machnet.com.pl\/?page_id=23","title":{"rendered":"Ogrodzenia Panelowe"},"content":{"rendered":"<ol>\n<li><span style=\"font-size: 14pt; font-family: comic sans ms,sans-serif;\">\u00a0<span>\u00a0<div id=\"metaslider-id-291\" style=\"max-width: 450px;\" class=\"ml-slider-3-27-0 metaslider metaslider-flex metaslider-291 ml-slider\">\n    <div id=\"metaslider_container_291\">\n        <div id=\"metaslider_291\">\n            <ul aria-live=\"polite\" class=\"slides\">\n                <li style=\"display: block; width: 100%;\" class=\"slide-294 ms-image\"><img loading=\"lazy\" decoding=\"async\" src=\"http:\/\/machnet.com.pl\/wp-content\/uploads\/2017\/12\/cropped-logo_machnet_kolor.jpg\" height=\"147\" width=\"450\" alt=\"\" class=\"slider-291 slide-294\" \/><\/li>\n                <li style=\"display: none; width: 100%;\" class=\"slide-295 ms-image\"><img loading=\"lazy\" decoding=\"async\" src=\"http:\/\/machnet.com.pl\/wp-content\/uploads\/2017\/12\/cropped-cropped-logo-machnet.jpg\" height=\"147\" width=\"450\" alt=\"\" class=\"slider-291 slide-295\" \/><\/li>\n            <\/ul>\n        <\/div>\n        \n    <\/div>\n<\/div><\/span><\/span><span style=\"font-size: 14pt; font-family: comic sans ms,sans-serif;\"><span style=\"font-size: 10pt;\">\u00a0 <span style=\"font-size: 12pt;\">Pe\u0142en wyb\u00f3r materia\u0142\u00f3w na ogrodzenia panelowe. Panele 123cm i 153cm, z drutu fi4 i fi5, w kolorach:\u00a0<span style=\"color: #808080;\"><strong>grafit<\/strong><\/span>,<strong> czarny<\/strong>,<span style=\"color: #008000;\"><strong> zielony<\/strong><\/span>,<span style=\"color: #993300;\"><strong> br\u0105zowy<\/strong><\/span>. Oczko panela 5x20cm. Do tego oferujemy s\u0142upki panelowe 60\u00d740, ocynkowane, malowane proszkowo, o wysoko\u015bci 2m i 2,3m. Oferujemy te\u017c panele p\u0142askie 656 i 868 malowane i ocynkowane\u00a0<\/span><\/span><\/span><\/li>\n<\/ol>\n<p><span style=\"font-size: 14pt; font-family: 'comic sans ms', sans-serif;\"><strong><span style=\"color: #000000;\"><span color=\"#339966\">PANEL<\/span>\u00a0ocynk+<span style=\"color: #008000;\">KOLOR<\/span> \u00a0 \u00a0 \u00a0 \u00a0 \u00a0ocynk<\/span><\/strong><span><\/span><\/span><\/p>\n<p><span style=\"font-size: 14pt; font-family: 'comic sans ms', sans-serif;\"><span style=\"font-size: 12pt;\">\u00a0 \u00a0 \u00a0 \u00a0 \u00a0 \u00a0 \u00a0 \u00a0 \u00a0<strong>Fi4 \u00a0 \u00a0 \u00a0Fi5 \u00a0 \u00a0 \u00a0 \u00a0 \u00a0 \u00a0Fi4\u00a0\u00a0\u00a0\u00a0\u00a0Fi5<\/strong><\/span><\/span><\/p>\n<p><span style=\"font-family: 'comic sans ms', sans-serif; font-size: 12pt; line-height: 1.8em;\"><strong>123cm<\/strong>\u00a0 \u00a0 \u00a0 \u00a060z\u0142\u00a0 \u00a0 \u00a0 \u00a080z\u0142\u00a0 \u00a0 \u00a0 \u00a0 \u00a0 \u00a0 \u00a0 \u00a068z\u0142\u00a0 \u00a0 \u00a0 88z\u0142<\/span><\/p>\n<p><span style=\"font-size: 12pt; font-family: 'comic sans ms',sans-serif;\"><strong> 153cm<\/strong>\u00a0 \u00a0 \u00a0 75z\u0142\u00a0 \u00a0 \u00a0 98z\u0142\u00a0 \u00a0 \u00a0 \u00a0 \u00a0 \u00a0 \u00a0 \u00a0 82z\u0142\u00a0 \u00a0 \u00a0 110z\u0142<\/span><\/p>\n<p><span style=\"font-family: comic sans ms,sans-serif;\"><strong><span>\u00a0 \u00a0 \u00a0 \u00a0 \u00a0<span style=\"font-size: 14pt;\">S\u0141UPKI panelowe 60\u00d740&#215;1,5<\/span><\/span><\/strong><strong><\/strong><\/span><\/p>\n<p><span style=\"font-family: comic sans ms,sans-serif;\"><strong>\u00a0 \u00a0 \u00a0 \u00a0 \u00a0<span style=\"font-size: 14pt;\">ocynk+<span style=\"color: #993300;\">KOLOR<\/span> \u00a0 \u00a0 \u00a0 \u00a0 \u00a0 \u00a0ocynk<\/span><br \/><\/strong><\/span><\/p>\n<p><span style=\"font-family: comic sans ms,sans-serif;\"><strong>200cm\u00a0<\/strong>\u00a0 \u00a0 \u00a0 52z\u0142\u00a0 \u00a0 \u00a0 \u00a0 \u00a0 \u00a0 \u00a0 \u00a0 \u00a0 \u00a0 \u00a0 \u00a0 \u00a0 \u00a0 \u00a0 \u00a0 50z\u0142<\/span><br \/><span style=\"font-family: 'comic sans ms', sans-serif; line-height: 1.8em;\"><strong>230cm<\/strong>\u00a0 \u00a0 \u00a0 \u00a055z\u0142\u00a0 \u00a0 \u00a0 \u00a0 \u00a0 \u00a0 \u00a0 \u00a0 \u00a0 \u00a0 \u00a0 \u00a0 \u00a0 \u00a0 \u00a0 \u00a0 \u00a052z\u0142<\/span><\/p>\n<p><span style=\"font-size: 14pt; font-family: comic sans ms,sans-serif;\">\u00a0Zapewniamy bezkonkurencyjne ceny i jako\u015b\u0107.<\/span><\/p>\n<div id=\"metaslider-id-327\" style=\"max-width: 450px;\" class=\"ml-slider-3-27-0 metaslider metaslider-flex metaslider-327 ml-slider\">\n    <div id=\"metaslider_container_327\">\n        <div id=\"metaslider_327\">\n            <ul aria-live=\"polite\" class=\"slides\">\n                <li style=\"display: block; width: 100%;\" class=\"slide-328 ms-image\"><img loading=\"lazy\" decoding=\"async\" src=\"http:\/\/machnet.com.pl\/wp-content\/uploads\/2017\/11\/img_20171103_115921-450x247.jpg\" height=\"247\" width=\"450\" alt=\"\" class=\"slider-327 slide-328\" \/><\/li>\n                <li style=\"display: none; width: 100%;\" class=\"slide-329 ms-image\"><img loading=\"lazy\" decoding=\"async\" src=\"http:\/\/machnet.com.pl\/wp-content\/uploads\/2017\/11\/img_20171103_1200301-450x247.jpg\" height=\"247\" width=\"450\" alt=\"\" class=\"slider-327 slide-329\" \/><\/li>\n            <\/ul>\n        <\/div>\n        \n    <\/div>\n<\/div>\n<ul><\/ul>\n\n","protected":false},"excerpt":{"rendered":"<p>\u00a0\u00a0\u00a0 Pe\u0142en wyb\u00f3r materia\u0142\u00f3w na ogrodzenia panelowe. Panele 123cm i 153cm, z drutu fi4 i fi5, w kolorach:\u00a0grafit, czarny, zielony, br\u0105zowy. Oczko panela 5x20cm. Do tego oferujemy s\u0142upki panelowe 60\u00d740, ocynkowane, malowane proszkowo, o wysoko\u015bci<a class=\"moretag\" href=\"http:\/\/machnet.com.pl\/?page_id=23\"> Czytaj wi\u0119cej&hellip;<\/a><\/p>\n","protected":false},"author":1,"featured_media":0,"parent":198,"menu_order":2,"comment_status":"closed","ping_status":"closed","template":"page-templates\/template-fullwidth.php","meta":{"footnotes":""},"class_list":["post-23","page","type-page","status-publish","hentry"],"_links":{"self":[{"href":"http:\/\/machnet.com.pl\/index.php?rest_route=\/wp\/v2\/pages\/23","targetHints":{"allow":["GET"]}}],"collection":[{"href":"http:\/\/machnet.com.pl\/index.php?rest_route=\/wp\/v2\/pages"}],"about":[{"href":"http:\/\/machnet.com.pl\/index.php?rest_route=\/wp\/v2\/types\/page"}],"author":[{"embeddable":true,"href":"http:\/\/machnet.com.pl\/index.php?rest_route=\/wp\/v2\/users\/1"}],"replies":[{"embeddable":true,"href":"http:\/\/machnet.com.pl\/index.php?rest_route=%2Fwp%2Fv2%2Fcomments&post=23"}],"version-history":[{"count":103,"href":"http:\/\/machnet.com.pl\/index.php?rest_route=\/wp\/v2\/pages\/23\/revisions"}],"predecessor-version":[{"id":486,"href":"http:\/\/machnet.com.pl\/index.php?rest_route=\/wp\/v2\/pages\/23\/revisions\/486"}],"up":[{"embeddable":true,"href":"http:\/\/machnet.com.pl\/index.php?rest_route=\/wp\/v2\/pages\/198"}],"wp:attachment":[{"href":"http:\/\/machnet.com.pl\/index.php?rest_route=%2Fwp%2Fv2%2Fmedia&parent=23"}],"curies":[{"name":"wp","href":"https:\/\/api.w.org\/{rel}","templated":true}]}}